{"id":1691,"date":"2016-09-15T12:00:42","date_gmt":"2016-09-15T15:00:42","guid":{"rendered":"http:\/\/fazenda.niteroi.rj.gov.br\/site\/?page_id=1691"},"modified":"2025-11-03T10:36:36","modified_gmt":"2025-11-03T13:36:36","slug":"ccn","status":"publish","type":"page","link":"https:\/\/www.fazenda.niteroi.rj.gov.br\/site\/sobre\/ccn\/","title":{"rendered":"Conselho de Contribuintes de Niter\u00f3i"},"content":{"rendered":"\n<p>O Conselho de Contribuintes \u00e9 um \u00f3rg\u00e3o colegiado criado pela&nbsp;<a href=\"https:\/\/leismunicipais.com.br\/a\/rj\/n\/niteroi\/lei-ordinaria\/2005\/223\/2228\/lei-ordinaria-n-2228-2005-cria-o-conselho-de-contribuinte-em-substituicao-a-junta-de-recursos-fiscais-2009-12-29-versao-compilada\">Lei n\u00ba 2.228\/2005<\/a>, tendo como Regimento Interno o&nbsp;<a href=\"http:\/\/fazenda.niteroi.rj.gov.br\/site\/wp-content\/uploads\/2016\/09\/Regimento-Interno-do-CCN.pdf\">Decreto n\u00ba 9.735\/2005<\/a>, e est\u00e1 integrado \u00e0 estrutura da Secretaria da Fazenda de Niter\u00f3i. Tem a atribui\u00e7\u00e3o de julgar, em segunda inst\u00e2ncia, os recursos de decis\u00f5es referentes a processos administrativos tribut\u00e1rios de natureza contenciosa.<\/p>\n\n\n\n<p>O Conselho de Contribuintes \u00e9 composto por nove membros, sendo quatro representantes dos contribuintes e cinco representantes da Prefeitura (dentre estes o Presidente), todos com mandato de dois anos.<\/p>\n\n\n\n<p>As sess\u00f5es de julgamento s\u00e3o p\u00fablicas e s\u00e3o realizadas usualmente por meio de videoconfer\u00eancia, \u00e0s quartas-feiras, com in\u00edcio \u00e0s 10h.<\/p>\n\n\n\n<p><a href=\"https:\/\/www.fazenda.niteroi.rj.gov.br\/site\/sistema-de-gestao-da-qualidade-conselho-de-contribuintes-cc\/\" data-type=\"link\" data-id=\"https:\/\/www.fazenda.niteroi.rj.gov.br\/site\/sistema-de-gestao-da-qualidade-conselho-de-contribuintes-cc\/\">Conhe\u00e7a o Sistema de Gest\u00e3o da Qualidade do Conselho de Contribuintes<\/a><\/p>\n\n\n\n<p><a href=\"https:\/\/www.fazenda.niteroi.rj.gov.br\/site\/categoria\/ccn\/\" data-type=\"link\" data-id=\"https:\/\/www.fazenda.niteroi.rj.gov.br\/site\/categoria\/ccn\/\">Saiba mais sobre o Conselho e as datas das pr\u00f3ximas reuni\u00f5es<\/a><\/p>\n\n\n\n<h2 class=\"wp-block-heading\">Apresenta\u00e7\u00e3o de Recurso Volunt\u00e1rio<\/h2>\n\n\n\n<p>Para apresentar um Recurso Volunt\u00e1rio, <a href=\"https:\/\/www.fazenda.niteroi.rj.gov.br\/site\/processos-e-formularios\/\">clique aqui para acessar a se\u00e7\u00e3o de formul\u00e1rios<\/a> (veja se\u00e7\u00e3o &#8220;Outros formul\u00e1rios&#8221;). Seu recurso pode ser protocolado de maneira exclusivamente digital, sem necessidade de comparecer presencialmente \u00e0 Secretaria da Fazenda, enviando esse formul\u00e1rio junto com os documentos descritos nele para cartorio@fazenda.niteroi.rj.gov.br.<\/p>\n\n\n\n<h2 class=\"wp-block-heading\">Composi\u00e7\u00e3o do Conselho &#8211; Bi\u00eanio 2023\/2025<\/h2>\n\n\n\n<h3 class=\"wp-block-heading\">Conselheiros Representantes da Prefeitura:<\/h3>\n\n\n\n<figure class=\"wp-block-table\"><table class=\"has-black-color has-text-color has-background\" style=\"background-color:#deeaf6\"><thead><tr><th>Cargo<\/th><th>Nome<\/th><\/tr><\/thead><tbody><tr><td>Presidente<\/td><td>Luiz Alberto Soares<\/td><\/tr><tr><td>Vice-Presidente<\/td><td>Francisco da Cunha Ferreira<\/td><\/tr><tr><td rowspan=\"3\">Titulares<\/td><td>Carlos Mauro Naylor&nbsp;<\/td><\/tr><tr><td>Alessandra Silveira Santos da Silva&nbsp;<\/td><\/tr><tr><td>Eduardo Sobral Tavares<\/td><\/tr><tr><td rowspan=\"4\">Suplentes<\/td><td>Juan Rodrigues Penna da Costa<\/td><\/tr><tr><td>Fabio Dorigo<\/td><\/tr><tr><td>Rodrigo Fulgoni Branco<\/td><\/tr><tr><td>Carlos Eduardo Lima Carlos<\/td><\/tr><\/tbody><\/table><\/figure>\n\n\n\n<h3 class=\"wp-block-heading\">Conselheiros Representantes dos Contribuintes:<\/h3>\n\n\n\n<figure class=\"wp-block-table\"><table class=\"has-black-color has-text-color has-background\" style=\"background-color:#deeaf6\"><thead><tr><th>Cargo<\/th><th>Nome<\/th><\/tr><\/thead><tbody><tr><td rowspan=\"4\">Titulares<\/td><td>Ermano Torres Santiago<\/td><\/tr><tr><td>Ana Carolina Fonseca Bessa<\/td><td><\/td><\/tr><tr><td>Paulino Gon\u00e7alves Moreira Leite Filho<\/td><td><\/td><\/tr><tr><td>Gustavo Grossi Nunes<\/td><td><\/td><\/tr><tr><td rowspan=\"4\">Suplentes<\/td><td>Sergio Kunio Yamagata<\/td><\/tr><tr><td>Jos\u00e9 Luiz Pimentel Fernandes<\/td><td><\/td><\/tr><tr><td>Thiago Gomes Vieira&nbsp;<\/td><td><\/td><\/tr><tr><td>Patr\u00edcia Porto Rebel Guimar\u00e3es<\/td><td><\/td><\/tr><\/tbody><\/table><\/figure>\n\n\n\n<h3 class=\"wp-block-heading\">Representantes da Fazenda:<\/h3>\n\n\n\n<figure class=\"wp-block-table\"><table class=\"has-black-color has-text-color has-background\" style=\"background-color:#deeaf6\"><thead><tr><th class=\"has-text-align-center\" data-align=\"center\">Nome<\/th><\/tr><\/thead><tbody><tr><td class=\"has-text-align-center\" data-align=\"center\">Andr\u00e9 Lu\u00eds Cardoso Pires<\/td><\/tr><tr><td class=\"has-text-align-center\" data-align=\"center\">Maria Elisa Vidal Bernardo<\/td><\/tr><tr><td class=\"has-text-align-center\" data-align=\"center\">Rafael Henze Pimentel<\/td><\/tr><\/tbody><\/table><\/figure>\n\n\n\n<h2 class=\"wp-block-heading\">Gest\u00e3o da Qualidade do Conselho de Contribuintes<\/h2>\n\n\n\n<p>Em 2022, o Conselho de Contribuintes de Niter\u00f3i iniciou um projeto de implanta\u00e7\u00e3o de um sistema de gest\u00e3o da qualidade com o objetivo de melhorar os servi\u00e7os e atender melhor aos contribuintes e a pr\u00f3pria Administra\u00e7\u00e3o Fazend\u00e1ria.<\/p>\n\n\n\n<p>Ao final desse projeto, o Conselho pretende obter a Certifica\u00e7\u00e3o ISO 9001, que atestar\u00e1 a conformidade do sistema de gest\u00e3o da qualidade com os padr\u00f5es internacionais estabelecidos pela International Organization for Standardization (ISO). A implementa\u00e7\u00e3o desse sistema visa promover uma cultura de excel\u00eancia e melhoria cont\u00ednua, estabelecendo processos claros, eficientes e eficazes, al\u00e9m de assegurar a satisfa\u00e7\u00e3o dos contribuintes e a transpar\u00eancia nas atividades da Administra\u00e7\u00e3o Fazend\u00e1ria de Niter\u00f3i. A obten\u00e7\u00e3o da certifica\u00e7\u00e3o ISO 9001 ser\u00e1 um marco importante para o Conselho de Contribuintes, demonstrando o compromisso em fornecer servi\u00e7os de qualidade, promover a confian\u00e7a e fortalecer a imagem institucional perante os contribuintes e toda a sociedade.<\/p>\n\n\n\n<h3 class=\"wp-block-heading\">Pol\u00edtica da Qualidade<\/h3>\n\n\n\n<p>\u00c9 pol\u00edtica da qualidade do Conselho de Contribuintes de Niter\u00f3i buscar excel\u00eancia em processar e julgar, em segunda inst\u00e2ncia, os recursos volunt\u00e1rios e de of\u00edcio \u00e0s decis\u00f5es finais proferidas pela primeira inst\u00e2ncia administrativa, referentes a processos administrativos tribut\u00e1rios do Munic\u00edpio de Niter\u00f3i, de natureza contenciosa, visando:<\/p>\n\n\n\n<ul class=\"wp-block-list\">\n<li>Isen\u00e7\u00e3o em rela\u00e7\u00e3o \u00e0s participa\u00e7\u00f5es dos conselheiros;<\/li>\n\n\n\n<li>Celeridade no julgamento de recursos tribut\u00e1rios em segunda inst\u00e2ncia;<\/li>\n\n\n\n<li>Representatividade, a fim de garantir a participa\u00e7\u00e3o de conselheiros dos diversos segmentos da sociedade.<\/li>\n<\/ul>\n\n\n\n<h3 class=\"wp-block-heading\">Objetivos da Qualidade<\/h3>\n\n\n\n<p>Os objetivos da qualidade do Conselho de Contribuintes de Niter\u00f3i s\u00e3o os seguintes:<\/p>\n\n\n\n<figure class=\"wp-block-table\"><table class=\"has-black-color has-text-color has-background\" style=\"background-color:#deeaf6\"><thead><tr><td><strong>Pol\u00edtica<\/strong><\/td><td><strong>Objetivos<\/strong><\/td><td><strong>Indicadores<\/strong><\/td><\/tr><\/thead><tbody><tr><td>Isen\u00e7\u00e3o em rela\u00e7\u00e3o \u00e0s participa\u00e7\u00f5es dos conselheiros<\/td><td>\u2022 Para que as decis\u00f5es n\u00e3o sejam pol\u00edticas, n\u00e3o favore\u00e7am al\u00e9m do que a lei permite; <br>\u2022 Para que as decis\u00f5es sejam impessoais e imparciais.<\/td><td>\u2022 Quantidade de decis\u00f5es un\u00e2nimes; <br>\u2022 Quantidade de decis\u00f5es em que o presidente precisou votar.<\/td><\/tr><tr><td>Celeridade no julgamento de recursos tribut\u00e1rios em segunda inst\u00e2ncia<\/td><td>\u2022 Para reduzir o tempo de dura\u00e7\u00e3o do conflito entre a Administra\u00e7\u00e3o P\u00fablica e o contribuinte; <br>\u2022 Para arrecadar o mais r\u00e1pido poss\u00edvel, com o m\u00ednimo de desgaste para o Contribuinte e para a Administra\u00e7\u00e3o P\u00fablica.<\/td><td>\u2022 Tempo m\u00e9dio entre o final da sess\u00e3o de julgamento e a publica\u00e7\u00e3o do ac\u00f3rd\u00e3o.<\/td><\/tr><tr><td>Representatividade, visando garantir a participa\u00e7\u00e3o de conselheiros dos diversos segmentos da sociedade<\/td><td>\u2022 Para garantir heterogeneidade de vis\u00f5es nos processos e julgamentos; <br>\u2022 Para promover a participa\u00e7\u00e3o da sociedade no processo final de constitui\u00e7\u00e3o do cr\u00e9dito tribut\u00e1rio.<\/td><td>\u2022 Quantidade de entidades que t\u00eam interesse em fazer parte do Conselho de Contribuintes; <br>\u2022 Quantidade de participa\u00e7\u00e3o de suplentes nas sess\u00f5es de julgamento.<\/td><\/tr><\/tbody><\/table><\/figure>\n\n\n\n<h2 class=\"wp-block-heading\">Miss\u00e3o, Vis\u00e3o e Valores<\/h2>\n\n\n\n<h3 class=\"wp-block-heading\">Miss\u00e3o<\/h3>\n\n\n\n<p>Apreciar, de forma colegiada, com a participa\u00e7\u00e3o da sociedade, os recursos contra as decis\u00f5es proferidas em primeira inst\u00e2ncia nos processos administrativos tribut\u00e1rios de natureza contenciosa, buscando a melhor aplica\u00e7\u00e3o da legisla\u00e7\u00e3o aos casos concretos.<\/p>\n\n\n\n<h3 class=\"wp-block-heading\">Vis\u00e3o<\/h3>\n\n\n\n<p>Consolidar-se diante dos contribuintes de Niter\u00f3i e das Administra\u00e7\u00f5es Tribut\u00e1rias de outros entes federativos como um \u00f3rg\u00e3o que desempenha sua miss\u00e3o de forma t\u00e9cnica, eficiente, transparente e impessoal.<\/p>\n\n\n\n<h3 class=\"wp-block-heading\">Valores<\/h3>\n\n\n\n<p>\u00c9tica; impessoalidade; participa\u00e7\u00e3o da sociedade; respeito \u00e0 legisla\u00e7\u00e3o tribut\u00e1ria e \u00e0 Constitui\u00e7\u00e3o; justi\u00e7a fiscal; responsabilidade social; celeridade; efetividade; efici\u00eancia; transpar\u00eancia; aprimoramento do conhecimento; incentivo ao di\u00e1logo<\/p>\n\n\n\n<h2 class=\"wp-block-heading\">Contato<\/h2>\n\n\n\n<p>Endere\u00e7o: Rua da Concei\u00e7\u00e3o, 100, Centro, Niter\u00f3i-RJ.<br>Telefone: (21) 2621-2400 &#8211; Ramal 219<br>E-mail: <a href=\"mailto:conselhodecontribuintes@fazenda.niteroi.rj.gov.br\">conselhodecontribuintes@fazenda.niteroi.rj.gov.br<\/a><\/p>\n","protected":false},"excerpt":{"rendered":"<p>O Conselho de Contribuintes \u00e9 um \u00f3rg\u00e3o colegiado criado pela&nbsp;Lei n\u00ba 2.228\/2005, tendo como Regimento Interno o&nbsp;Decreto n\u00ba 9.735\/2005, e est\u00e1 integrado \u00e0 estrutura da Secretaria da Fazenda de Niter\u00f3i. [&hellip;]<\/p>\n","protected":false},"author":1,"featured_media":23369,"parent":6656,"menu_order":0,"comment_status":"closed","ping_status":"closed","template":"","meta":{"_et_pb_use_builder":"","_et_pb_old_content":"","_et_gb_content_width":"","_usar_header_alternativo":false,"footnotes":""},"class_list":["post-1691","page","type-page","status-publish","has-post-thumbnail","hentry"],"_links":{"self":[{"href":"https:\/\/www.fazenda.niteroi.rj.gov.br\/site\/wp-json\/wp\/v2\/pages\/1691","targetHints":{"allow":["GET"]}}],"collection":[{"href":"https:\/\/www.fazenda.niteroi.rj.gov.br\/site\/wp-json\/wp\/v2\/pages"}],"about":[{"href":"https:\/\/www.fazenda.niteroi.rj.gov.br\/site\/wp-json\/wp\/v2\/types\/page"}],"author":[{"embeddable":true,"href":"https:\/\/www.fazenda.niteroi.rj.gov.br\/site\/wp-json\/wp\/v2\/users\/1"}],"replies":[{"embeddable":true,"href":"https:\/\/www.fazenda.niteroi.rj.gov.br\/site\/wp-json\/wp\/v2\/comments?post=1691"}],"version-history":[{"count":5,"href":"https:\/\/www.fazenda.niteroi.rj.gov.br\/site\/wp-json\/wp\/v2\/pages\/1691\/revisions"}],"predecessor-version":[{"id":33721,"href":"https:\/\/www.fazenda.niteroi.rj.gov.br\/site\/wp-json\/wp\/v2\/pages\/1691\/revisions\/33721"}],"up":[{"embeddable":true,"href":"https:\/\/www.fazenda.niteroi.rj.gov.br\/site\/wp-json\/wp\/v2\/pages\/6656"}],"wp:featuredmedia":[{"embeddable":true,"href":"https:\/\/www.fazenda.niteroi.rj.gov.br\/site\/wp-json\/wp\/v2\/media\/23369"}],"wp:attachment":[{"href":"https:\/\/www.fazenda.niteroi.rj.gov.br\/site\/wp-json\/wp\/v2\/media?parent=1691"}],"curies":[{"name":"wp","href":"https:\/\/api.w.org\/{rel}","templated":true}]}}