{"id":17297,"date":"2021-09-15T15:13:53","date_gmt":"2021-09-15T18:13:53","guid":{"rendered":"\/site\/?page_id=17297"},"modified":"2021-12-17T12:11:38","modified_gmt":"2021-12-17T15:11:38","slug":"rede-de-contabilidade","status":"publish","type":"page","link":"https:\/\/www.fazenda.niteroi.rj.gov.br\/site\/rede-de-contabilidade\/","title":{"rendered":"Rede de Contabilidade"},"content":{"rendered":"\n<hr class=\"wp-block-separator has-text-color has-background has-white-background-color has-white-color\"\/>\n\n\n\n<hr class=\"wp-block-separator has-text-color has-background has-white-background-color has-white-color\"\/>\n\n\n\n<div class=\"wp-block-media-text alignwide is-stacked-on-mobile\"><figure class=\"wp-block-media-text__media\"><img loading=\"lazy\" decoding=\"async\" width=\"400\" height=\"225\" src=\"https:\/\/www.fazenda.niteroi.rj.gov.br\/site\/wp-content\/uploads\/2021\/09\/banner-Rede-de-Contabilidade-400x225.jpg\" alt=\"\" class=\"wp-image-17409 size-full\" srcset=\"https:\/\/www.fazenda.niteroi.rj.gov.br\/site\/wp-content\/uploads\/2021\/09\/banner-Rede-de-Contabilidade-400x225.jpg 400w, https:\/\/www.fazenda.niteroi.rj.gov.br\/site\/wp-content\/uploads\/2021\/09\/banner-Rede-de-Contabilidade-600x338.jpg 600w, https:\/\/www.fazenda.niteroi.rj.gov.br\/site\/wp-content\/uploads\/2021\/09\/banner-Rede-de-Contabilidade-768x432.jpg 768w, https:\/\/www.fazenda.niteroi.rj.gov.br\/site\/wp-content\/uploads\/2021\/09\/banner-Rede-de-Contabilidade-1536x864.jpg 1536w, https:\/\/www.fazenda.niteroi.rj.gov.br\/site\/wp-content\/uploads\/2021\/09\/banner-Rede-de-Contabilidade-2048x1152.jpg 2048w, https:\/\/www.fazenda.niteroi.rj.gov.br\/site\/wp-content\/uploads\/2021\/09\/banner-Rede-de-Contabilidade-1080x608.jpg 1080w\" sizes=\"auto, (max-width: 400px) 100vw, 400px\" \/><\/figure><div class=\"wp-block-media-text__content\">\n<p class=\"has-normal-font-size\">A Rede de Contadores integra o Sistema Municipal de Contabilidade de Niter\u00f3i, criado atrav\u00e9s do Decreto n\u00ba 13.962\/2021 de 24.03.2021, e foi implantada com o intuito de aperfei\u00e7oar a gest\u00e3o cont\u00e1bil municipal.<br><\/p>\n<\/div><\/div>\n\n\n\n<hr class=\"wp-block-separator has-text-color has-background has-white-background-color has-white-color\"\/>\n\n\n\n<hr class=\"wp-block-separator has-text-color has-background has-white-background-color has-white-color\"\/>\n\n\n\n<p>O objetivo principal da Rede de Contadores \u00e9 capacitar e integrar os servidores respons\u00e1veis pela elabora\u00e7\u00e3o das informa\u00e7\u00f5es cont\u00e1beis alocados nos diferentes \u00f3rg\u00e3os da administra\u00e7\u00e3o direta e indireta, visando aprimorar o registro dos atos e fatos or\u00e7ament\u00e1rios, financeiros e patrimonial das institui\u00e7\u00f5es do munic\u00edpio de Niter\u00f3i.<\/p>\n\n\n\n<p>Os Membros da dever\u00e3o Rede de Contabilidade dever\u00e3o aplicar o conhecimento adquirido nas institui\u00e7\u00f5es em que atuam, de maneira a melhorar a qualidade das informa\u00e7\u00f5es cont\u00e1beis e difundir as Normas Brasileiras de Contabilidade aplicadas ao setor p\u00fablico.<\/p>\n\n\n\n<h3 class=\"wp-block-heading\">S\u00e3o pap\u00e9is da Rede de Contabilidade:<\/h3>\n\n\n\n<p>1 &#8211; Padronizar e qualificar as informa\u00e7\u00f5es das contas p\u00fablicas municipais<\/p>\n\n\n\n<p>2 &#8211; Integrar e articular as Unidades de Contabilidade localizadas nos \u00f3rg\u00e3os da administra\u00e7\u00e3o direta e indireta<\/p>\n\n\n\n<p>3 &#8211; Realizar acompanhamento cont\u00ednuo das normas cont\u00e1beis aplicadas ao setor p\u00fablico<\/p>\n\n\n\n<hr class=\"wp-block-separator has-text-color has-background has-white-background-color has-white-color\"\/>\n\n\n\n<hr class=\"wp-block-separator has-text-color has-background has-white-background-color has-white-color\"\/>\n\n\n\n<hr class=\"wp-block-separator has-text-color has-background has-white-background-color has-white-color\"\/>\n\n\n\n<figure class=\"wp-block-image size-medium is-resized\"><a href=\"https:\/\/www.fazenda.niteroi.rj.gov.br\/site\/wp-content\/uploads\/2021\/09\/Banner-premio-categorias.jpg\"><img loading=\"lazy\" decoding=\"async\" src=\"https:\/\/www.fazenda.niteroi.rj.gov.br\/site\/wp-content\/uploads\/2021\/09\/Banner-premio-categorias-400x225.jpg\" alt=\"\" class=\"wp-image-17425\" width=\"800\" height=\"450\" srcset=\"https:\/\/www.fazenda.niteroi.rj.gov.br\/site\/wp-content\/uploads\/2021\/09\/Banner-premio-categorias-400x225.jpg 400w, https:\/\/www.fazenda.niteroi.rj.gov.br\/site\/wp-content\/uploads\/2021\/09\/Banner-premio-categorias-600x338.jpg 600w, https:\/\/www.fazenda.niteroi.rj.gov.br\/site\/wp-content\/uploads\/2021\/09\/Banner-premio-categorias-768x432.jpg 768w, https:\/\/www.fazenda.niteroi.rj.gov.br\/site\/wp-content\/uploads\/2021\/09\/Banner-premio-categorias-1536x864.jpg 1536w, https:\/\/www.fazenda.niteroi.rj.gov.br\/site\/wp-content\/uploads\/2021\/09\/Banner-premio-categorias-2048x1152.jpg 2048w, https:\/\/www.fazenda.niteroi.rj.gov.br\/site\/wp-content\/uploads\/2021\/09\/Banner-premio-categorias-1080x608.jpg 1080w\" sizes=\"auto, (max-width: 800px) 100vw, 800px\" \/><\/a><\/figure>\n\n\n\n<hr class=\"wp-block-separator has-text-color has-background has-white-background-color has-white-color\"\/>\n\n\n\n<hr class=\"wp-block-separator has-text-color has-background has-white-background-color has-white-color\"\/>\n\n\n\n<hr class=\"wp-block-separator has-text-color has-background has-white-background-color has-white-color\"\/>\n\n\n\n<hr class=\"wp-block-separator has-text-color has-background has-white-background-color has-white-color\"\/>\n\n\n\n<h1 class=\"wp-block-heading\">Encontros da Rede de Contabilidade<\/h1>\n\n\n\n<hr class=\"wp-block-separator has-text-color has-background has-white-background-color has-white-color\"\/>\n\n\n\n<hr class=\"wp-block-separator has-text-color has-background has-white-background-color has-white-color\"\/>\n\n\n\n<div class=\"wp-block-buttons is-layout-flex wp-block-buttons-is-layout-flex\">\n<div class=\"wp-block-button\"><a class=\"wp-block-button__link has-white-color has-text-color has-background\" href=\"https:\/\/www.fazenda.niteroi.rj.gov.br\/site\/wp-content\/uploads\/2021\/09\/ENTENDENDO-SUPERA\u0301VIT_REDE-DE-CONTADORES_2021..-Econtro-1.pdf\" style=\"background-color:#003c56\" target=\"_blank\" rel=\"noreferrer noopener\">1\u00ba Encontro &#8211; Entendendo o Super\u00e1vit <\/a><\/div>\n<\/div>\n\n\n\n<hr class=\"wp-block-separator has-text-color has-background has-white-background-color has-white-color\"\/>\n\n\n\n<hr class=\"wp-block-separator has-text-color has-background has-white-background-color has-white-color\"\/>\n\n\n\n<div class=\"wp-block-buttons is-layout-flex wp-block-buttons-is-layout-flex\">\n<div class=\"wp-block-button\"><a class=\"wp-block-button__link has-white-color has-text-color has-background\" href=\"https:\/\/www.fazenda.niteroi.rj.gov.br\/site\/wp-content\/uploads\/2021\/09\/CONCILIACAO-BANCARIA_REDE-DE-CONTADORES_2021-Encontro-2-ok.pdf\" style=\"background-color:#003c56\" target=\"_blank\" rel=\"noreferrer noopener\">2\u00ba Encontro &#8211; Concilia\u00e7\u00e3o banc\u00e1ria<\/a><\/div>\n<\/div>\n\n\n\n<hr class=\"wp-block-separator has-text-color has-background has-white-background-color has-white-color\"\/>\n\n\n\n<hr class=\"wp-block-separator has-text-color has-background has-white-background-color has-white-color\"\/>\n\n\n\n<div class=\"wp-block-buttons is-layout-flex wp-block-buttons-is-layout-flex\">\n<div class=\"wp-block-button\"><a class=\"wp-block-button__link has-white-color has-text-color has-background\" href=\"https:\/\/www.fazenda.niteroi.rj.gov.br\/site\/wp-content\/uploads\/2021\/09\/RESTOS-A-PAGAR_REDE-DE-CONTADORES_2021-Encontro-3.pdf\" style=\"background-color:#003c56\" target=\"_blank\" rel=\"noreferrer noopener\">3\u00ba Encontro &#8211; Restos a pagar<\/a><\/div>\n<\/div>\n\n\n\n<hr class=\"wp-block-separator has-text-color has-background has-white-background-color has-white-color\"\/>\n\n\n\n<hr class=\"wp-block-separator has-text-color has-background has-white-background-color has-white-color\"\/>\n\n\n\n<hr class=\"wp-block-separator has-text-color has-background has-white-background-color has-white-color\"\/>\n\n\n\n<h2 class=\"wp-block-heading\">PREMIA\u00c7\u00c3O &#8211; MEMBROS | 2021<\/h2>\n\n\n\n<hr class=\"wp-block-separator has-text-color has-background has-white-background-color has-white-color\"\/>\n\n\n\n<ul class=\"wp-block-list\"><li><strong>Certificado Categoria Ouro:<\/strong><\/li><\/ul>\n\n\n\n<p>1 \u2013<strong> Julia Brant dos Santos<\/strong><\/p>\n\n\n\n<p>Pontua\u00e7\u00e3o:<\/p>\n\n\n\n<p>&#8211; Participa\u00e7\u00e3o em 100% dos Encontros da Rede de Contabilidade;<\/p>\n\n\n\n<p>&#8211; Realiza\u00e7\u00e3o de curso de capacita\u00e7\u00e3o e envio de Certificado para a SMF;<\/p>\n\n\n\n<p>&#8211; Envio de 100% dos Recibos SIGFIS;<\/p>\n\n\n\n<p>&#8211; Nenhuma Solicita\u00e7\u00e3o de Reabertura de Sistema.<\/p>\n\n\n\n<p>2 \u2013<strong> Vera Abreu Rosa da Costa<\/strong><\/p>\n\n\n\n<p>Pontua\u00e7\u00e3o:<\/p>\n\n\n\n<p>&#8211; Participa\u00e7\u00e3o em 100% dos Encontros da Rede de Contabilidade;<\/p>\n\n\n\n<p>&#8211; Realiza\u00e7\u00e3o de curso de capacita\u00e7\u00e3o e envio de Certificado para a SMF;<\/p>\n\n\n\n<p>&#8211; Envio de 86% dos Recibos SIGFIS;<\/p>\n\n\n\n<p>&#8211; Nenhuma Solicita\u00e7\u00e3o de Reabertura de Sistema.<\/p>\n\n\n\n<hr class=\"wp-block-separator has-text-color has-background has-white-background-color has-white-color\"\/>\n\n\n\n<ul class=\"wp-block-list\"><li><strong>Certificado Categoria Prata:<\/strong><\/li><\/ul>\n\n\n\n<p>1 \u2013 <strong>M\u00e1rcio Rosa Fernandes<\/strong><\/p>\n\n\n\n<p>Pontua\u00e7\u00e3o:<\/p>\n\n\n\n<p>&#8211; Participa\u00e7\u00e3o em 67% dos Encontros da Rede de Contabilidade;<\/p>\n\n\n\n<p>&#8211; Envio de 100% dos Recibos SIGFIS;<\/p>\n\n\n\n<p>&#8211; Apenas 01 Solicita\u00e7\u00e3o de Reabertura de Sistema.<\/p>\n\n\n\n<p>2 \u2013 <strong>Robson Fonseca<\/strong><\/p>\n\n\n\n<p>Pontua\u00e7\u00e3o:<\/p>\n\n\n\n<p>&#8211; Participa\u00e7\u00e3o em 50% dos Encontros da Rede de Contabilidade;<\/p>\n\n\n\n<p>&#8211; Envio de 100% dos Recibos SIGFIS;<\/p>\n\n\n\n<p>&#8211; Nenhuma Solicita\u00e7\u00e3o de Reabertura de Sistema.<\/p>\n\n\n\n<p>3 \u2013 <strong>Pedro Mendes<\/strong><\/p>\n\n\n\n<p>Pontua\u00e7\u00e3o:<\/p>\n\n\n\n<p>&#8211; Participa\u00e7\u00e3o em 50% dos Encontros da Rede de Contabilidade;<\/p>\n\n\n\n<p>&#8211; Envio de 100% dos Recibos SIGFIS;<\/p>\n\n\n\n<p>&#8211; Nenhuma Solicita\u00e7\u00e3o de Reabertura de Sistema.<\/p>\n\n\n\n<hr class=\"wp-block-separator has-text-color has-background has-white-background-color has-white-color\"\/>\n\n\n\n<ul class=\"wp-block-list\"><li><strong>Certificado Categoria Bronze:<\/strong><\/li><\/ul>\n\n\n\n<p>1 \u2013<strong> Ivonete Ramos dos Santos<\/strong><\/p>\n\n\n\n<p>Pontua\u00e7\u00e3o:<\/p>\n\n\n\n<p>&#8211; Participa\u00e7\u00e3o em 50% dos Encontros da Rede de Contabilidade;<\/p>\n\n\n\n<p>&#8211; Envio de 86% dos Recibos SIGFIS;<\/p>\n\n\n\n<p>&#8211; Nenhuma Solicita\u00e7\u00e3o de Reabertura de Sistema.<\/p>\n\n\n\n<p>2 \u2013 <strong>Ant\u00f4nio Jorge Guimar\u00e3es da Silva<\/strong><\/p>\n\n\n\n<p>Pontua\u00e7\u00e3o:<\/p>\n\n\n\n<p>&#8211; Participa\u00e7\u00e3o em 50% dos Encontros da Rede de Contabilidade;<\/p>\n\n\n\n<p>&#8211; Envio de 86% dos Recibos SIGFIS;<\/p>\n\n\n\n<p>&#8211; Nenhuma Solicita\u00e7\u00e3o de Reabertura de Sistema.<\/p>\n\n\n\n<p>3 \u2013 <strong>Pedro Pereira Martins<\/strong><\/p>\n\n\n\n<p>Pontua\u00e7\u00e3o:<\/p>\n\n\n\n<p>&#8211; Participa\u00e7\u00e3o em 50% dos Encontros da Rede de Contabilidade;<\/p>\n\n\n\n<p>&#8211; Envio de 100% dos Recibos SIGFIS;<\/p>\n\n\n\n<p>&#8211; Apenas 01 Solicita\u00e7\u00e3o de Reabertura de Sistema.<\/p>\n\n\n\n<hr class=\"wp-block-separator has-text-color has-background has-white-background-color has-white-color\"\/>\n\n\n\n<hr class=\"wp-block-separator has-text-color has-background has-white-background-color has-white-color\"\/>\n\n\n\n<h2 class=\"wp-block-heading\">Registros dos encontros <\/h2>\n\n\n\n<hr class=\"wp-block-separator has-text-color has-background has-white-background-color has-white-color\"\/>\n\n\n\n<hr class=\"wp-block-separator has-text-color has-background has-white-background-color has-white-color\"\/>\n\n\n\n<hr class=\"wp-block-separator has-text-color has-background has-white-background-color has-white-color\"\/>\n\n\n\n<figure class=\"wp-block-gallery columns-4 wp-block-gallery-1 is-layout-flex wp-block-gallery-is-layout-flex\"><ul class=\"blocks-gallery-grid\"><li class=\"blocks-gallery-item\"><figure><a href=\"https:\/\/www.fazenda.niteroi.rj.gov.br\/site\/wp-content\/uploads\/2021\/09\/2o-Encontro-da-Rede-de-Contabilidade.jpg\"><img loading=\"lazy\" decoding=\"async\" width=\"150\" height=\"150\" src=\"https:\/\/www.fazenda.niteroi.rj.gov.br\/site\/wp-content\/uploads\/2021\/09\/2o-Encontro-da-Rede-de-Contabilidade-150x150.jpg\" alt=\"\" data-id=\"17428\" data-full-url=\"https:\/\/www.fazenda.niteroi.rj.gov.br\/site\/wp-content\/uploads\/2021\/09\/2o-Encontro-da-Rede-de-Contabilidade.jpg\" data-link=\"https:\/\/www.fazenda.niteroi.rj.gov.br\/site\/rede-de-contabilidade\/2o-encontro-da-rede-de-contabilidade\/\" class=\"wp-image-17428\" srcset=\"https:\/\/www.fazenda.niteroi.rj.gov.br\/site\/wp-content\/uploads\/2021\/09\/2o-Encontro-da-Rede-de-Contabilidade-150x150.jpg 150w, https:\/\/www.fazenda.niteroi.rj.gov.br\/site\/wp-content\/uploads\/2021\/09\/2o-Encontro-da-Rede-de-Contabilidade-440x440.jpg 440w\" sizes=\"auto, (max-width: 150px) 100vw, 150px\" \/><\/a><\/figure><\/li><li class=\"blocks-gallery-item\"><figure><a href=\"https:\/\/www.fazenda.niteroi.rj.gov.br\/site\/wp-content\/uploads\/2021\/09\/1.jpg\"><img loading=\"lazy\" decoding=\"async\" width=\"150\" height=\"150\" src=\"https:\/\/www.fazenda.niteroi.rj.gov.br\/site\/wp-content\/uploads\/2021\/09\/1-150x150.jpg\" alt=\"\" data-id=\"17429\" data-full-url=\"https:\/\/www.fazenda.niteroi.rj.gov.br\/site\/wp-content\/uploads\/2021\/09\/1.jpg\" data-link=\"https:\/\/www.fazenda.niteroi.rj.gov.br\/site\/rede-de-contabilidade\/1-4\/\" class=\"wp-image-17429\" srcset=\"https:\/\/www.fazenda.niteroi.rj.gov.br\/site\/wp-content\/uploads\/2021\/09\/1-150x150.jpg 150w, https:\/\/www.fazenda.niteroi.rj.gov.br\/site\/wp-content\/uploads\/2021\/09\/1-440x440.jpg 440w\" sizes=\"auto, (max-width: 150px) 100vw, 150px\" \/><\/a><\/figure><\/li><li class=\"blocks-gallery-item\"><figure><a href=\"https:\/\/www.fazenda.niteroi.rj.gov.br\/site\/wp-content\/uploads\/2021\/09\/2-150x150.jpg\"><img loading=\"lazy\" decoding=\"async\" width=\"150\" height=\"150\" src=\"https:\/\/www.fazenda.niteroi.rj.gov.br\/site\/wp-content\/uploads\/2021\/09\/2-150x150.jpg\" alt=\"\" data-id=\"17430\" data-link=\"https:\/\/www.fazenda.niteroi.rj.gov.br\/site\/rede-de-contabilidade\/2-3\/\" class=\"wp-image-17430\" srcset=\"https:\/\/www.fazenda.niteroi.rj.gov.br\/site\/wp-content\/uploads\/2021\/09\/2-150x150.jpg 150w, https:\/\/www.fazenda.niteroi.rj.gov.br\/site\/wp-content\/uploads\/2021\/09\/2-440x440.jpg 440w\" sizes=\"auto, (max-width: 150px) 100vw, 150px\" \/><\/a><\/figure><\/li><li class=\"blocks-gallery-item\"><figure><a href=\"https:\/\/www.fazenda.niteroi.rj.gov.br\/site\/wp-content\/uploads\/2021\/09\/Rede-TRM-1.jpg\"><img loading=\"lazy\" decoding=\"async\" width=\"150\" height=\"150\" src=\"https:\/\/www.fazenda.niteroi.rj.gov.br\/site\/wp-content\/uploads\/2021\/09\/Rede-TRM-1-150x150.jpg\" alt=\"\" data-id=\"17435\" data-full-url=\"https:\/\/www.fazenda.niteroi.rj.gov.br\/site\/wp-content\/uploads\/2021\/09\/Rede-TRM-1.jpg\" data-link=\"https:\/\/www.fazenda.niteroi.rj.gov.br\/site\/rede-de-contabilidade\/rede-trm-1\/\" class=\"wp-image-17435\" srcset=\"https:\/\/www.fazenda.niteroi.rj.gov.br\/site\/wp-content\/uploads\/2021\/09\/Rede-TRM-1-150x150.jpg 150w, https:\/\/www.fazenda.niteroi.rj.gov.br\/site\/wp-content\/uploads\/2021\/09\/Rede-TRM-1-440x440.jpg 440w\" sizes=\"auto, (max-width: 150px) 100vw, 150px\" \/><\/a><\/figure><\/li><\/ul><\/figure>\n\n\n\n<figure class=\"wp-block-embed is-type-video is-provider-youtube wp-block-embed-youtube wp-embed-aspect-4-3 wp-has-aspect-ratio\"><div class=\"wp-block-embed__wrapper\">\n<iframe loading=\"lazy\" title=\"Rede de Contabilidade\" width=\"1080\" height=\"810\" src=\"https:\/\/www.youtube.com\/embed\/QrLI9OfrGSg?feature=oembed\" frameborder=\"0\" allow=\"accelerometer; autoplay; clipboard-write; encrypted-media; gyroscope; picture-in-picture\" allowfullscreen><\/iframe>\n<\/div><\/figure>\n","protected":false},"excerpt":{"rendered":"<p>A Rede de Contadores integra o Sistema Municipal de Contabilidade de Niter\u00f3i, criado atrav\u00e9s do Decreto n\u00ba 13.962\/2021 de 24.03.2021, e foi implantada com o intuito de aperfei\u00e7oar a gest\u00e3o [&hellip;]<\/p>\n","protected":false},"author":18,"featured_media":17298,"parent":0,"menu_order":0,"comment_status":"closed","ping_status":"closed","template":"","meta":{"_et_pb_use_builder":"","_et_pb_old_content":"","_et_gb_content_width":"","_usar_header_alternativo":false,"footnotes":""},"class_list":["post-17297","page","type-page","status-publish","has-post-thumbnail","hentry"],"_links":{"self":[{"href":"https:\/\/www.fazenda.niteroi.rj.gov.br\/site\/wp-json\/wp\/v2\/pages\/17297","targetHints":{"allow":["GET"]}}],"collection":[{"href":"https:\/\/www.fazenda.niteroi.rj.gov.br\/site\/wp-json\/wp\/v2\/pages"}],"about":[{"href":"https:\/\/www.fazenda.niteroi.rj.gov.br\/site\/wp-json\/wp\/v2\/types\/page"}],"author":[{"embeddable":true,"href":"https:\/\/www.fazenda.niteroi.rj.gov.br\/site\/wp-json\/wp\/v2\/users\/18"}],"replies":[{"embeddable":true,"href":"https:\/\/www.fazenda.niteroi.rj.gov.br\/site\/wp-json\/wp\/v2\/comments?post=17297"}],"version-history":[{"count":4,"href":"https:\/\/www.fazenda.niteroi.rj.gov.br\/site\/wp-json\/wp\/v2\/pages\/17297\/revisions"}],"predecessor-version":[{"id":18436,"href":"https:\/\/www.fazenda.niteroi.rj.gov.br\/site\/wp-json\/wp\/v2\/pages\/17297\/revisions\/18436"}],"wp:featuredmedia":[{"embeddable":true,"href":"https:\/\/www.fazenda.niteroi.rj.gov.br\/site\/wp-json\/wp\/v2\/media\/17298"}],"wp:attachment":[{"href":"https:\/\/www.fazenda.niteroi.rj.gov.br\/site\/wp-json\/wp\/v2\/media?parent=17297"}],"curies":[{"name":"wp","href":"https:\/\/api.w.org\/{rel}","templated":true}]}}