{"id":17648,"date":"2021-10-20T11:05:31","date_gmt":"2021-10-20T14:05:31","guid":{"rendered":"https:\/\/www.fazenda.niteroi.rj.gov.br\/site\/?page_id=17648"},"modified":"2025-01-22T14:33:25","modified_gmt":"2025-01-22T17:33:25","slug":"manuais-e-guias","status":"publish","type":"page","link":"https:\/\/www.fazenda.niteroi.rj.gov.br\/site\/repositorio-institucional\/manuais-e-guias\/","title":{"rendered":"Manuais e Guias"},"content":{"rendered":"\n<p>As produ\u00e7\u00f5es aqui agrupadas t\u00eam a motivar reflex\u00f5es e pr\u00e1ticas inclusivas, \u00e9ticas, respeitosas que garantam um ambiente laboral saud\u00e1vel e livre de opress\u00f5es.<\/p>\n\n\n\n<h2 class=\"wp-block-heading\">Guia de Boas Pr\u00e1ticas de Comunica\u00e7\u00e3o N\u00e3o-Violenta e Empatia<\/h2>\n\n\n\n<p>O guia tem por finalidade proporcionar orienta\u00e7\u00e3o e ferramentas para promover a comunica\u00e7\u00e3o eficaz e emp\u00e1tica, melhorar relacionamentos interpessoais e resolver conflitos de maneira construtiva. &nbsp;Nele voc\u00ea encontra dicas para capacitar as pessoas a se comunicarem de forma mais construtiva, emp\u00e1tica e eficaz promovendo uma cultura de paz e entendimento m\u00fatuo.<\/p>\n\n\n\n<div style=\"height:var(--wp--preset--spacing--30)\" aria-hidden=\"true\" class=\"wp-block-spacer\"><\/div>\n\n\n\n<div class=\"wp-block-buttons is-content-justification-center is-layout-flex wp-container-core-buttons-is-layout-1 wp-block-buttons-is-layout-flex\">\n<div class=\"wp-block-button\"><a class=\"wp-block-button__link has-white-color has-vivid-cyan-blue-background-color has-text-color has-background has-link-color has-text-align-center wp-element-button\" href=\"https:\/\/www.fazenda.niteroi.rj.gov.br\/site\/wp-content\/uploads\/2023\/11\/Guia-comunicacao-Nao-violenta-8-1.pdf\">Guia de Boas Pr\u00e1ticas de Comunica\u00e7\u00e3o N\u00e3o-Violenta e Empatia<\/a><\/div>\n<\/div>\n\n\n\n<div style=\"height:var(--wp--preset--spacing--40)\" aria-hidden=\"true\" class=\"wp-block-spacer\"><\/div>\n\n\n\n<h2 class=\"wp-block-heading\">Manual de Boas-Vindas ao Servidor Fazend\u00e1rio<\/h2>\n\n\n\n<p>O manual de boas-vindas do Servidor Fazend\u00e1rio faz parte do Plano de Valoriza\u00e7\u00e3o dos Servidores que tem como prop\u00f3sito auxiliar o desenvolvimento dos servidores em todas as \u00e1reas de suas vidas.<br>O documento apresenta as principais informa\u00e7\u00f5es organizacionais da Prefeitura e da Secretaria, bem como refor\u00e7a e prioriza a import\u00e2ncia do comportamento profissional e c\u00edvico do corpo funcional, pois para gerar confian\u00e7a na sociedade s\u00e3o necess\u00e1rias posturas zelosas, atentas, profissionais e comprometidas. Esta publica\u00e7\u00e3o almeja t\u00e3o somente refor\u00e7ar o compromisso com o comportamento profissional, com a \u00e9tica, transpar\u00eancia, integridade e boa governan\u00e7a.<\/p>\n\n\n\n<div style=\"height:var(--wp--preset--spacing--30)\" aria-hidden=\"true\" class=\"wp-block-spacer\"><\/div>\n\n\n\n<div class=\"wp-block-buttons is-content-justification-center is-layout-flex wp-container-core-buttons-is-layout-2 wp-block-buttons-is-layout-flex\">\n<div class=\"wp-block-button\"><a class=\"wp-block-button__link has-white-color has-vivid-cyan-blue-background-color has-text-color has-background has-text-align-center wp-element-button\" href=\"https:\/\/www.fazenda.niteroi.rj.gov.br\/site\/wp-content\/uploads\/2023\/10\/Manual-de-Boas-vindas-Servidor-Fazendario.pdf\" target=\"_blank\" rel=\"noreferrer noopener\">Manual de Boas vindas ao Servidor Fazend\u00e1rio<\/a><\/div>\n<\/div>\n\n\n\n<div style=\"height:var(--wp--preset--spacing--40)\" aria-hidden=\"true\" class=\"wp-block-spacer\"><\/div>\n\n\n\n<h2 class=\"wp-block-heading\">Guia de Boas Pr\u00e1ticas de Equidade Racial<\/h2>\n\n\n\n<p>O Guia tem por finalidade tornar o ambiente de trabalho mais inclusivo, acess\u00edvel e diverso. Nele voc\u00ea encontra dicas pr\u00e1ticas para enfrentar a desigualdade racial no ambiente de trabalho, al\u00e9m da explica\u00e7\u00e3o de alguns dos conceitos fundamentais para o entendimento do tema.<\/p>\n\n\n\n<div style=\"height:var(--wp--preset--spacing--30)\" aria-hidden=\"true\" class=\"wp-block-spacer\"><\/div>\n\n\n\n<div class=\"wp-block-buttons is-horizontal is-content-justification-center is-layout-flex wp-container-core-buttons-is-layout-3 wp-block-buttons-is-layout-flex\">\n<div class=\"wp-block-button\"><a class=\"wp-block-button__link has-white-color has-vivid-cyan-blue-background-color has-text-color has-background wp-element-button\" href=\"https:\/\/www.fazenda.niteroi.rj.gov.br\/site\/wp-content\/uploads\/2022\/03\/Guia-de-Boas-Praticas-de-Equidade-Racial.pdf\" target=\"_blank\" rel=\"noreferrer noopener\">Boas Pr\u00e1ticas de Equidade Racial<\/a><\/div>\n<\/div>\n\n\n\n<div style=\"height:var(--wp--preset--spacing--40)\" aria-hidden=\"true\" class=\"wp-block-spacer\"><\/div>\n\n\n\n<h2 class=\"wp-block-heading\">Guia de Boas Pr\u00e1ticas de Feedback<\/h2>\n\n\n\n<p>Este guia tem o objetivo de fomentar&nbsp; a&nbsp; cultura&nbsp; de&nbsp; Feedback&nbsp; na&nbsp; Secretaria&nbsp; Municipal&nbsp; de Fazenda, a fim de estimular o bom desempenho dos servidores.<\/p>\n\n\n\n<div style=\"height:var(--wp--preset--spacing--30)\" aria-hidden=\"true\" class=\"wp-block-spacer\"><\/div>\n\n\n\n<div class=\"wp-block-buttons is-horizontal is-content-justification-center is-layout-flex wp-container-core-buttons-is-layout-4 wp-block-buttons-is-layout-flex\">\n<div class=\"wp-block-button\"><a class=\"wp-block-button__link has-white-color has-vivid-cyan-blue-background-color has-text-color has-background wp-element-button\" href=\"https:\/\/www.fazenda.niteroi.rj.gov.br\/site\/wp-content\/uploads\/2021\/10\/Guia-de-Boas-Praticas-de-Feedback.pdf\">Boas Pr\u00e1ticas de Feedback<\/a><\/div>\n<\/div>\n\n\n\n<div style=\"height:var(--wp--preset--spacing--40)\" aria-hidden=\"true\" class=\"wp-block-spacer\"><\/div>\n\n\n\n<h2 class=\"wp-block-heading\">Manual de Boas Pr\u00e1ticas de Est\u00e1gio<\/h2>\n\n\n\n<p>O documento foi desenvolvido para apresentar, um lugar de f\u00e1cil acesso e dispon\u00edvel para consultas, a institui\u00e7\u00e3o e orientar tanto estudantes como supervisores no dia a dia, de maneira a facilitar o desenvolvimento dos jovens profissionais.<\/p>\n\n\n\n<div style=\"height:var(--wp--preset--spacing--30)\" aria-hidden=\"true\" class=\"wp-block-spacer\"><\/div>\n\n\n\n<div class=\"wp-block-buttons is-horizontal is-content-justification-center is-layout-flex wp-container-core-buttons-is-layout-5 wp-block-buttons-is-layout-flex\">\n<div class=\"wp-block-button\"><a class=\"wp-block-button__link has-white-color has-vivid-cyan-blue-background-color has-text-color has-background wp-element-button\" href=\"https:\/\/www.fazenda.niteroi.rj.gov.br\/site\/wp-content\/uploads\/2022\/10\/Guia-do-Estagiario.pdf\">Boas Pr\u00e1ticas de Est\u00e1gio<\/a><\/div>\n<\/div>\n\n\n\n<div style=\"height:var(--wp--preset--spacing--40)\" aria-hidden=\"true\" class=\"wp-block-spacer\"><\/div>\n\n\n\n<h2 class=\"wp-block-heading\">Guia de Boas Pr\u00e1ticas de Equidade de G\u00eanero<\/h2>\n\n\n\n<p>O Guia de Boas Pr\u00e1ticas de Equidade de G\u00eanero na Gest\u00e3o P\u00fablica pretende oferecer, \u00e0s\/aos servidoras (es) da Secretaria Municipal de Fazenda, recomenda\u00e7\u00f5es de pr\u00e1ticas de gest\u00e3o que permitam fortalecer a igualdade de g\u00eanero na gest\u00e3o p\u00fablica.<\/p>\n\n\n\n<p>Este documento \u00e9 uma das iniciativas do Programa de Valoriza\u00e7\u00e3o dos Servidores da SMF e tem o intuito de tornar o ambiente de trabalho mais saud\u00e1vel e acess\u00edvel para as mulheres.&nbsp;<\/p>\n\n\n\n<div style=\"height:var(--wp--preset--spacing--30)\" aria-hidden=\"true\" class=\"wp-block-spacer\"><\/div>\n\n\n\n<div class=\"wp-block-buttons is-horizontal is-content-justification-center is-layout-flex wp-container-core-buttons-is-layout-6 wp-block-buttons-is-layout-flex\">\n<div class=\"wp-block-button\"><a class=\"wp-block-button__link has-white-color has-vivid-cyan-blue-background-color has-text-color has-background wp-element-button\" href=\"https:\/\/www.fazenda.niteroi.rj.gov.br\/site\/wp-content\/uploads\/2022\/05\/Guia-de-Boas-Praticas-de-Equidade-de-Genero-na-Gestao-Publica-SMF.pdf\" target=\"_blank\" rel=\"noreferrer noopener\">Boas Pr\u00e1ticas de Equidade de G\u00eanero<\/a><\/div>\n<\/div>\n\n\n\n<div style=\"height:var(--wp--preset--spacing--40)\" aria-hidden=\"true\" class=\"wp-block-spacer\"><\/div>\n\n\n\n<h2 class=\"wp-block-heading\">Metodologia de Gerenciamento de Projetos<\/h2>\n\n\n\n<p>Voltada para foco em resultados concretos, reestrutura\u00e7\u00e3o de pr\u00e1ticas e adensamento da vis\u00e3o estrat\u00e9gica, a presente metodologia busca proporcionar maior seletividade e integra\u00e7\u00e3o das a\u00e7\u00f5es; concentra\u00e7\u00e3o de esfor\u00e7os; e clareza, transpar\u00eancia e visibilidade de resultados.<\/p>\n\n\n\n<div style=\"height:var(--wp--preset--spacing--30)\" aria-hidden=\"true\" class=\"wp-block-spacer\"><\/div>\n\n\n\n<div class=\"wp-block-buttons is-horizontal is-content-justification-center is-layout-flex wp-container-core-buttons-is-layout-7 wp-block-buttons-is-layout-flex\">\n<div class=\"wp-block-button\"><a class=\"wp-block-button__link has-white-color has-vivid-cyan-blue-background-color has-text-color has-background wp-element-button\" href=\"https:\/\/www.fazenda.niteroi.rj.gov.br\/site\/wp-content\/uploads\/2021\/12\/Workshop-metodologia-de-monitoramento.pdf\">Metodologia de Gerenciamento de Projetos<\/a><\/div>\n<\/div>\n\n\n\n<div style=\"height:var(--wp--preset--spacing--40)\" aria-hidden=\"true\" class=\"wp-block-spacer\"><\/div>\n\n\n\n<h2 class=\"wp-block-heading\">Programa de Valoriza\u00e7\u00e3o do Servidor Fazend\u00e1rio<\/h2>\n\n\n\n<p>O Programa de Valoriza\u00e7\u00e3o do Fazend\u00e1rio prop\u00f5e um conjunto de a\u00e7\u00f5es que buscam estabelecer instrumentos institucionais para valoriza\u00e7\u00e3o do servidor da SMF em todos os \u00e2mbitos da sua atua\u00e7\u00e3o.<\/p>\n\n\n\n<div style=\"height:var(--wp--preset--spacing--30)\" aria-hidden=\"true\" class=\"wp-block-spacer\"><\/div>\n\n\n\n<div class=\"wp-block-buttons is-horizontal is-content-justification-center is-layout-flex wp-container-core-buttons-is-layout-8 wp-block-buttons-is-layout-flex\">\n<div class=\"wp-block-button\"><a class=\"wp-block-button__link has-white-color has-vivid-cyan-blue-background-color has-text-color has-background wp-element-button\" href=\"https:\/\/www.fazenda.niteroi.rj.gov.br\/site\/wp-content\/uploads\/2021\/12\/Programa-de-Valorizacao-dos-Servidores-04.11-apresentacao-1.pdf\">Programa de Valoriza\u00e7\u00e3o do Servidor Fazend\u00e1rio<\/a><\/div>\n<\/div>\n\n\n\n<div style=\"height:var(--wp--preset--spacing--40)\" aria-hidden=\"true\" class=\"wp-block-spacer\"><\/div>\n\n\n\n<h2 class=\"wp-block-heading\">Guia de Diversidade LGBTQIAP+ no Setor P\u00fablico<\/h2>\n\n\n\n<p>O Guia tem como finalidade oferecer aos servidores da Prefeitura Municipal de Niter\u00f3i recomenda\u00e7\u00f5es de pr\u00e1ticas de gest\u00e3o que fortale\u00e7am a diversidade LGBTQIAP+ no setor p\u00fablico. Este documento \u00e9 uma das iniciativas do Programa de Valoriza\u00e7\u00e3o dos Servidores da SMF e tem o intuito de tornar o ambiente de trabalho mais saud\u00e1vel e acess\u00edvel para os servidores e servidoras que fazem parte da comunidade LGBTQIAP+.<\/p>\n\n\n\n<div style=\"height:var(--wp--preset--spacing--30)\" aria-hidden=\"true\" class=\"wp-block-spacer\"><\/div>\n\n\n\n<div class=\"wp-block-buttons is-content-justification-center is-layout-flex wp-container-core-buttons-is-layout-9 wp-block-buttons-is-layout-flex\">\n<div class=\"wp-block-button\"><a class=\"wp-block-button__link has-white-color has-vivid-cyan-blue-background-color has-text-color has-background wp-element-button\" href=\"https:\/\/www.fazenda.niteroi.rj.gov.br\/site\/wp-content\/uploads\/2023\/06\/Cartilha-Diversidade-v7.pdf\" target=\"_blank\" rel=\"noreferrer noopener\">Guia de Diversidade LGBTQIAP+<\/a><\/div>\n<\/div>\n\n\n\n<div style=\"height:var(--wp--preset--spacing--40)\" aria-hidden=\"true\" class=\"wp-block-spacer\"><\/div>\n\n\n\n<h2 class=\"wp-block-heading\">Cartilha da Servidora Gestante<\/h2>\n\n\n\n<p>A Cartilha da Servidora Gestante foi formulada por iniciativa da Secretaria de Fazenda, com a colabora\u00e7\u00e3o da Secretaria de Administra\u00e7\u00e3o (SMA), da Secretaria Municipal de Sa\u00fade e da Coordenadoria de Pol\u00edticas e Direitos das Mulheres (CODIM), com o intuito de contribuir para o aux\u00edlio de m\u00e3es e pais servidores, reunindo as principais informa\u00e7\u00f5es e diretrizes sobre os direitos das gestantes e pu\u00e9rperas.&nbsp;&nbsp;&nbsp;&nbsp;<\/p>\n\n\n\n<div style=\"height:var(--wp--preset--spacing--30)\" aria-hidden=\"true\" class=\"wp-block-spacer\"><\/div>\n\n\n\n<div class=\"wp-block-buttons is-content-justification-center is-layout-flex wp-container-core-buttons-is-layout-10 wp-block-buttons-is-layout-flex\">\n<div class=\"wp-block-button\"><a class=\"wp-block-button__link has-white-color has-vivid-cyan-blue-background-color has-text-color has-background wp-element-button\" href=\"https:\/\/www.fazenda.niteroi.rj.gov.br\/site\/wp-content\/uploads\/2023\/07\/Cartilha-da-gestante-v5.pdf\" target=\"_blank\" rel=\"noreferrer noopener\">Cartilha da Servidora Gestante<\/a><\/div>\n<\/div>\n\n\n\n<div style=\"height:var(--wp--preset--spacing--40)\" aria-hidden=\"true\" class=\"wp-block-spacer\"><\/div>\n\n\n\n<p class=\"has-medium-font-size\"><strong>Cartilha do Usu\u00e1rio Padr\u00e3o &#8211; Tecnologia da Informa\u00e7\u00e3o<\/strong><\/p>\n\n\n\n<p>Confira a nova Cartilha de Usu\u00e1rio Padr\u00e3o de TI! Um guia pr\u00e1tico e completo para ajudar voc\u00ea a utilizar as ferramentas de tecnologia da informa\u00e7\u00e3o de forma eficiente e segura. Aprenda boas pr\u00e1ticas, pol\u00edticas internas e dicas para otimizar o uso dos recursos digitais da empresa.<\/p>\n\n\n\n<div style=\"height:var(--wp--preset--spacing--30)\" aria-hidden=\"true\" class=\"wp-block-spacer\"><\/div>\n\n\n\n<div class=\"wp-block-buttons is-content-justification-center is-layout-flex wp-container-core-buttons-is-layout-11 wp-block-buttons-is-layout-flex\">\n<div class=\"wp-block-button\"><a class=\"wp-block-button__link has-white-color has-vivid-cyan-blue-background-color has-text-color has-background wp-element-button\" href=\"https:\/\/www.fazenda.niteroi.rj.gov.br\/site\/wp-content\/uploads\/2024\/09\/Cartilha-de-TI.pdf\" target=\"_blank\" rel=\"noreferrer noopener\"><strong>Cartilha do Usu\u00e1rio Padr\u00e3o &#8211; Tecnologia da Informa\u00e7\u00e3o<\/strong><\/a><\/div>\n<\/div>\n\n\n\n<div style=\"height:var(--wp--preset--spacing--40)\" aria-hidden=\"true\" class=\"wp-block-spacer\"><\/div>\n\n\n\n<h2 class=\"wp-block-heading\">Cartilha de Boas Pr\u00e1ticas de Governan\u00e7a da Prefeitura de Niter\u00f3i<\/h2>\n\n\n\n<p>A Cartilha de Boas Pr\u00e1ticas de Governan\u00e7a, elaborada pela Controladoria Geral do Munic\u00edpio (CGM) oferece orienta\u00e7\u00f5es pr\u00e1ticas para fortalecer a governan\u00e7a nos \u00f3rg\u00e3os e entidades da administra\u00e7\u00e3o p\u00fablica municipal. O documento aborda temas estrat\u00e9gicos como \u00e9tica e integridade, gest\u00e3o de riscos, atendimento ao cidad\u00e3o, or\u00e7amento e finan\u00e7as, governo digital, prote\u00e7\u00e3o de dados e sustentabilidade. Clique no bot\u00e3o abaixo e confira!<\/p>\n\n\n\n<div style=\"height:var(--wp--preset--spacing--30)\" aria-hidden=\"true\" class=\"wp-block-spacer\"><\/div>\n\n\n\n<div class=\"wp-block-buttons is-content-justification-center is-layout-flex wp-container-core-buttons-is-layout-12 wp-block-buttons-is-layout-flex\">\n<div class=\"wp-block-button\"><a class=\"wp-block-button__link has-white-color has-vivid-cyan-blue-background-color has-text-color has-background has-link-color has-text-align-center wp-element-button\" href=\"https:\/\/www.fazenda.niteroi.rj.gov.br\/site\/wp-content\/uploads\/2025\/01\/Cartilha-de-boas-praticas-de-Governanca-da-Prefeitura-de-Niteroi-1.pdf\" target=\"_blank\" rel=\"noreferrer noopener\">Cartilha de Boas Pr\u00e1ticas de Governan\u00e7a da Prefeitura de Niter\u00f3i<\/a><\/div>\n<\/div>\n\n\n\n<div style=\"height:var(--wp--preset--spacing--40)\" aria-hidden=\"true\" class=\"wp-block-spacer\"><\/div>\n","protected":false},"excerpt":{"rendered":"<p>As produ\u00e7\u00f5es aqui agrupadas t\u00eam a motivar reflex\u00f5es e pr\u00e1ticas inclusivas, \u00e9ticas, respeitosas que garantam um ambiente laboral saud\u00e1vel e livre de opress\u00f5es. Guia de Boas Pr\u00e1ticas de Comunica\u00e7\u00e3o N\u00e3o-Violenta [&hellip;]<\/p>\n","protected":false},"author":39,"featured_media":0,"parent":17641,"menu_order":0,"comment_status":"closed","ping_status":"closed","template":"","meta":{"_et_pb_use_builder":"off","_et_pb_old_content":"","_et_gb_content_width":"","_usar_header_alternativo":false,"footnotes":""},"class_list":["post-17648","page","type-page","status-publish","hentry"],"_links":{"self":[{"href":"https:\/\/www.fazenda.niteroi.rj.gov.br\/site\/wp-json\/wp\/v2\/pages\/17648","targetHints":{"allow":["GET"]}}],"collection":[{"href":"https:\/\/www.fazenda.niteroi.rj.gov.br\/site\/wp-json\/wp\/v2\/pages"}],"about":[{"href":"https:\/\/www.fazenda.niteroi.rj.gov.br\/site\/wp-json\/wp\/v2\/types\/page"}],"author":[{"embeddable":true,"href":"https:\/\/www.fazenda.niteroi.rj.gov.br\/site\/wp-json\/wp\/v2\/users\/39"}],"replies":[{"embeddable":true,"href":"https:\/\/www.fazenda.niteroi.rj.gov.br\/site\/wp-json\/wp\/v2\/comments?post=17648"}],"version-history":[{"count":4,"href":"https:\/\/www.fazenda.niteroi.rj.gov.br\/site\/wp-json\/wp\/v2\/pages\/17648\/revisions"}],"predecessor-version":[{"id":30785,"href":"https:\/\/www.fazenda.niteroi.rj.gov.br\/site\/wp-json\/wp\/v2\/pages\/17648\/revisions\/30785"}],"up":[{"embeddable":true,"href":"https:\/\/www.fazenda.niteroi.rj.gov.br\/site\/wp-json\/wp\/v2\/pages\/17641"}],"wp:attachment":[{"href":"https:\/\/www.fazenda.niteroi.rj.gov.br\/site\/wp-json\/wp\/v2\/media?parent=17648"}],"curies":[{"name":"wp","href":"https:\/\/api.w.org\/{rel}","templated":true}]}}