{"id":19533,"date":"2022-05-11T12:16:38","date_gmt":"2022-05-11T15:16:38","guid":{"rendered":"https:\/\/www.fazenda.niteroi.rj.gov.br\/site\/?page_id=19533"},"modified":"2023-08-24T17:48:56","modified_gmt":"2023-08-24T20:48:56","slug":"educa-fisco","status":"publish","type":"page","link":"https:\/\/www.fazenda.niteroi.rj.gov.br\/site\/repositorio-institucional\/educa-fisco\/","title":{"rendered":"Educa Fisco"},"content":{"rendered":"\n<figure class=\"wp-block-image alignleft size-medium is-resized\"><a href=\"https:\/\/www.fazenda.niteroi.rj.gov.br\/site\/wp-content\/uploads\/2023\/08\/Logo-3-Educa-Fisco.png\"><img loading=\"lazy\" decoding=\"async\" src=\"https:\/\/www.fazenda.niteroi.rj.gov.br\/site\/wp-content\/uploads\/2023\/08\/Logo-3-Educa-Fisco-edited.png\" alt=\"\" class=\"wp-image-22656\" style=\"object-fit:cover;width:324px;height:324px\" width=\"324\" height=\"324\" srcset=\"https:\/\/www.fazenda.niteroi.rj.gov.br\/site\/wp-content\/uploads\/2023\/08\/Logo-3-Educa-Fisco-edited-150x150.png 150w, https:\/\/www.fazenda.niteroi.rj.gov.br\/site\/wp-content\/uploads\/2023\/08\/Logo-3-Educa-Fisco-edited-440x440.png 440w\" sizes=\"auto, (max-width: 324px) 100vw, 324px\" \/><\/a><\/figure>\n\n\n\n<p>O Educa Fisco \u00e9 um <strong>Programa de Educa\u00e7\u00e3o Fiscal da Secretaria Municipal de Fazenda de Niter\u00f3i <\/strong>e tem como objetivo&nbsp; disseminar o conhecimento da<strong> legisla\u00e7\u00e3o tribut\u00e1ria<\/strong>. Cabe tamb\u00e9m ao programa&nbsp; conscientizar os cidad\u00e3os sobre a fun\u00e7\u00e3o social do tributo, promover a orienta\u00e7\u00e3o tribut\u00e1ria, informar e divulgar os servi\u00e7os prestados pela Secretaria Municipal de Fazenda de Niter\u00f3i e seus diversos canais de atendimento.<\/p>\n\n\n\n<p>Atrav\u00e9s do Educa Fisco, o cidad\u00e3o poder\u00e1<strong> tomar conhecimento dos mais variados temas que envolvem a gest\u00e3o fiscal<\/strong>, al\u00e9m de ter sempre a m\u00e3o, a qualquer momento, os materiais did\u00e1ticos disponibilizados e relacionados \u00e0 d\u00favida do momento.<\/p>\n\n\n\n<p><\/p>\n\n\n\n<p>O projeto envolve um time de <strong>Auditores Fiscais da Receita Municipal<\/strong> e a equipe da <strong>Assessoria de Comunica\u00e7\u00e3o Institucional<\/strong> que preparam os conte\u00fados que d\u00e3o vida aos v\u00eddeos educativos, exibidos quinzenalmente no canal do Youtube da Secretaria Municipal de Fazenda de Niter\u00f3i.&nbsp;<\/p>\n\n\n\n<div style=\"height:11px\" aria-hidden=\"true\" class=\"wp-block-spacer\"><\/div>\n\n\n\n<hr class=\"wp-block-separator has-text-color has-white-color has-css-opacity has-white-background-color has-background\"\/>\n\n\n\n<hr class=\"wp-block-separator has-text-color has-white-color has-css-opacity has-white-background-color has-background\"\/>\n\n\n\n<h2 class=\"wp-block-heading\"><strong>Escola Cidad\u00e3: uma aventura fiscal na SMF<\/strong><\/h2>\n\n\n\n<figure class=\"wp-block-image alignright size-medium is-resized\"><a href=\"https:\/\/www.fazenda.niteroi.rj.gov.br\/site\/wp-content\/uploads\/2023\/08\/capa-cartilha-15.png\"><img loading=\"lazy\" decoding=\"async\" src=\"https:\/\/www.fazenda.niteroi.rj.gov.br\/site\/wp-content\/uploads\/2023\/08\/capa-cartilha-15-400x225.png\" alt=\"\" class=\"wp-image-22644\" style=\"object-fit:cover;width:397px;height:397px\" width=\"397\" height=\"397\" srcset=\"https:\/\/www.fazenda.niteroi.rj.gov.br\/site\/wp-content\/uploads\/2023\/08\/capa-cartilha-15-150x150.png 150w, https:\/\/www.fazenda.niteroi.rj.gov.br\/site\/wp-content\/uploads\/2023\/08\/capa-cartilha-15-440x440.png 440w\" sizes=\"auto, (max-width: 397px) 100vw, 397px\" \/><\/a><\/figure>\n\n\n\n<p>O projeto promove a educa\u00e7\u00e3o fiscal por meio de um passeio pelo Pal\u00e1cio Arariboia, no roteiro est\u00e3o inclu\u00eddas diversas atividades, entre elas, din\u00e2micas, v\u00eddeos educativos e uma vendinha, desenvolvida especialmente para que as crian\u00e7as aprendam sobre a import\u00e2ncia da nota fiscal.<\/p>\n\n\n\n<p><\/p>\n\n\n\n<h2 class=\"wp-block-heading\"><strong>Cartilha educativa<\/strong><\/h2>\n\n\n\n<p>Quem participa da aventura fiscal pela Secretaria de Fazenda tamb\u00e9m ganha uma cartilha que re\u00fane todas as informa\u00e7\u00f5es ensinadas ao longo da visita. O material conta a hist\u00f3ria do Pal\u00e1cio Arariboia, explica qual \u00e9 a atribui\u00e7\u00e3o da Secretaria de Fazenda, conta o que s\u00e3o os tributos e como s\u00e3o aplicados na cidade, explica a divis\u00e3o dos tr\u00eas poderes, os entes da Federa\u00e7\u00e3o e aborda tamb\u00e9m o Programa NitNota Cidad\u00e3.<\/p>\n\n\n\n<div class=\"wp-block-buttons is-layout-flex wp-block-buttons-is-layout-flex\">\n<div class=\"wp-block-button\"><a class=\"wp-block-button__link has-white-color has-vivid-cyan-blue-background-color has-text-color has-background wp-element-button\" href=\"https:\/\/www.fazenda.niteroi.rj.gov.br\/site\/wp-content\/uploads\/2023\/08\/Cartilha-Escola-cidada-v6.pdf\">Baixe a Cartilha Educativa<\/a><\/div>\n<\/div>\n\n\n\n<div style=\"height:26px\" aria-hidden=\"true\" class=\"wp-block-spacer\"><\/div>\n\n\n\n<h2 class=\"wp-block-heading\">AGENDAMENTO | VISITA GUIADA<\/h2>\n\n\n\n<div class=\"wp-block-contact-form-7-contact-form-selector\">\n<div class=\"wpcf7 no-js\" id=\"wpcf7-f22661-o1\" lang=\"pt-BR\" dir=\"ltr\">\n<div class=\"screen-reader-response\"><p role=\"status\" aria-live=\"polite\" aria-atomic=\"true\"><\/p> <ul><\/ul><\/div>\n<form action=\"\/site\/wp-json\/wp\/v2\/pages\/19533#wpcf7-f22661-o1\" method=\"post\" class=\"wpcf7-form init\" aria-label=\"Formul\u00e1rios de contato\" novalidate=\"novalidate\" data-status=\"init\">\n<div style=\"display: none;\">\n<input type=\"hidden\" name=\"_wpcf7\" value=\"22661\" \/>\n<input type=\"hidden\" name=\"_wpcf7_version\" value=\"5.9.8\" \/>\n<input type=\"hidden\" name=\"_wpcf7_locale\" value=\"pt_BR\" \/>\n<input type=\"hidden\" name=\"_wpcf7_unit_tag\" value=\"wpcf7-f22661-o1\" \/>\n<input type=\"hidden\" name=\"_wpcf7_container_post\" value=\"0\" \/>\n<input type=\"hidden\" name=\"_wpcf7_posted_data_hash\" value=\"\" \/>\n<\/div>\n<style>\n.wpcf7 form {\n position: relative;\n}\n.wpcf7 form.invalid .wpcf7-not-valid {\n border: 1px solid red!important;\n}\n.wpcf7-not-valid-tip, .dipe-form-header-text {\n display: none;\n}\n.wpcf7 form .et_pb_button {\n margin: 7px!important;\n margin-right: 0!important;\n padding: .3em .7em .3em .7em;\n border-radius: 0;\n height: 40px;\n}\n.wpcf7 form .et_pb_button:hover {\n padding: .3em 2em .3em .7em;\n}\n.wpcf7 form .et_pb_button::after {\n line-height: 23.8px;\n}\n.wpcf7-form-control {\n border-radius: 0!important;\n border: 1px solid transparent!important;\n}\n.wpcf7 form.wpcf7-form>p:not(:last-of-type) {\n margin: 0.5em 0 !important;\n}\n.wpcf7 form.wpcf7-form>p:nth-of-type(-n+2) {\n margin: 0 !important;\n}\n.wpcf7 form.wpcf7-form > p:has(small) {\n text-align: right;\n}\n.wpcf7-form>p:last-of-type {\n margin-top: 0 !important;\n display: inline-flex;\n float: right;\n}\n.wpcf7 form .wpcf7-captchar {\n width: 70px!important;\n}\n.wpcf7-form-control:not(.wpcf7-submit) {\n margin-top: 7px !important;\n}\n.wpcf7 form.wpcf7-form>p:not(:last-of-type):has(small) {\n margin-bottom:0 !important;\n}\n.wpcf7 input:not([type=submit]):not([type=checkbox]):not([type=radio]), .wpcf7 select, .wpcf7 textarea {\n border-style: solid;\n max-width: 100%;\n padding: .75em;\n width: 100%;\n}\n.wpcf7 form .wpcf7-response-output {\n display: flex;\n border: none;\n align-items: center;\n min-height: 54px;\n}\n.wpcf7 form>div.wpcf7-response-output {\n margin-bottom: 0 !important;\n margin-top: 0 !important;\n}\n.wpcf7 form.sent .wpcf7-response-output {\n color: #0a3622;\n background-color: #d1e7dd;\n border: 1px solid #a3cfbb;\n}\n.wpcf7 form.invalid .wpcf7-response-output,\n.wpcf7 form.unaccepted .wpcf7-response-output,\n.wpcf7 form.payment-required .wpcf7-response-output {\n color: #664d03;\n background-color: #fff3cd;\n border: 1px solid #ffe69c;\n}\n.wpcf7 form.failed .wpcf7-response-output,\n.wpcf7 form.aborted .wpcf7-response-output {\n color: #58151c;\n background-color: #f8d7da;\n border: 1px solid #f1aeb5;\n}\n@media only screen and (max-width: 700px) {\n .dipe-cf7 .wpcf7 form .wpcf7-response-output {\n justify-content: center;\n }\n .wpcf7-form > p:last-of-type {\n width: 100%;\n justify-content: flex-end;\n }\n}\n@media only screen and (min-width: 620px) {\n .wpcf7-form > p:nth-of-type(-n+4) {\n width: calc(50% - 6px);\n }\n .wpcf7-form > p:nth-of-type(1),\n .wpcf7-form > p:nth-of-type(3) {\n float: left;\n }\n .wpcf7-form > p:nth-of-type(2),\n .wpcf7-form > p:nth-of-type(4) {\n float: right;\n }\n}\n<\/style>\n<p><span class=\"wpcf7-form-control-wrap\" data-name=\"text-988\"><input size=\"40\" maxlength=\"400\" class=\"wpcf7-form-control wpcf7-text wpcf7-validates-as-required\" autocomplete=\"off\" aria-required=\"true\" aria-invalid=\"false\" placeholder=\"Nome da Institui\u00e7\u00e3o de Ensino\" value=\"\" type=\"text\" name=\"text-988\" \/><\/span>\n<\/p>\n<p><span class=\"wpcf7-form-control-wrap\" data-name=\"email-512\"><input size=\"40\" maxlength=\"400\" class=\"wpcf7-form-control wpcf7-email wpcf7-validates-as-required wpcf7-text wpcf7-validates-as-email\" autocomplete=\"off\" aria-required=\"true\" aria-invalid=\"false\" placeholder=\"E-mail\" value=\"\" type=\"email\" name=\"email-512\" \/><\/span>\n<\/p>\n<p><span class=\"wpcf7-form-control-wrap\" data-name=\"nome-educador\"><input size=\"40\" maxlength=\"400\" class=\"wpcf7-form-control wpcf7-text wpcf7-validates-as-required\" autocomplete=\"off\" aria-required=\"true\" aria-invalid=\"false\" placeholder=\"Nome do Educador respons\u00e1vel\" value=\"\" type=\"text\" name=\"nome-educador\" \/><\/span>\n<\/p>\n<p><span class=\"wpcf7-form-control-wrap\" data-name=\"number-496\"><input class=\"wpcf7-form-control wpcf7-number wpcf7-validates-as-required wpcf7-validates-as-number\" autocomplete=\"off\" aria-required=\"true\" aria-invalid=\"false\" placeholder=\"Telefone de Contato\" value=\"\" type=\"number\" name=\"number-496\" \/><\/span>\n<\/p>\n<p><span class=\"wpcf7-form-control-wrap\" data-name=\"textarea-467\"><textarea cols=\"40\" rows=\"10\" maxlength=\"2000\" class=\"wpcf7-form-control wpcf7-textarea wpcf7-validates-as-required\" autocomplete=\"off\" aria-required=\"true\" aria-invalid=\"false\" placeholder=\"Mensagem\" name=\"textarea-467\"><\/textarea><\/span>\n<\/p>\n<p><small style=\"font-size:.75rem;\">Digite os caracteres que voc\u00ea v\u00ea na imagem.<\/small>\n<\/p>\n<p><input type=\"hidden\" name=\"_wpcf7_captcha_challenge_captcha-1\" value=\"2809862453\" \/><img loading=\"lazy\" decoding=\"async\" class=\"wpcf7-form-control wpcf7-captchac wpcf7-captcha-captcha-1\" width=\"72\" height=\"24\" alt=\"captcha\" src=\"https:\/\/www.fazenda.niteroi.rj.gov.br\/site\/wp-content\/uploads\/wpcf7_captcha\/2809862453.png\" \/><span class=\"wpcf7-form-control-wrap\" data-name=\"captcha-1\"><input size=\"40\" class=\"wpcf7-form-control wpcf7-captchar\" autocomplete=\"off\" aria-invalid=\"false\" value=\"\" type=\"text\" name=\"captcha-1\" \/><\/span><button type=\"submit\" class=\"wpcf7-form-control et_pb_button\">Enviar<\/button>\n<\/p><div class=\"wpcf7-response-output\" aria-hidden=\"true\"><\/div>\n<\/form>\n<\/div>\n<\/div>\n\n\n\n<div style=\"height:47px\" aria-hidden=\"true\" class=\"wp-block-spacer\"><\/div>\n\n\n\n<h2 class=\"wp-block-heading\"><strong>Galeria de fotos<\/strong><\/h2>\n\n\n\n<figure class=\"wp-block-gallery has-nested-images columns-default is-cropped wp-block-gallery-1 is-layout-flex wp-block-gallery-is-layout-flex\">\n<figure class=\"wp-block-image size-large\"><a href=\"https:\/\/www.fazenda.niteroi.rj.gov.br\/site\/wp-content\/uploads\/2023\/08\/BEA_2173-scaled.jpg\"><img loading=\"lazy\" decoding=\"async\" width=\"600\" height=\"400\" data-id=\"22665\" src=\"https:\/\/www.fazenda.niteroi.rj.gov.br\/site\/wp-content\/uploads\/2023\/08\/BEA_2173-600x400.jpg\" alt=\"\" class=\"wp-image-22665\" srcset=\"https:\/\/www.fazenda.niteroi.rj.gov.br\/site\/wp-content\/uploads\/2023\/08\/BEA_2173-600x400.jpg 600w, https:\/\/www.fazenda.niteroi.rj.gov.br\/site\/wp-content\/uploads\/2023\/08\/BEA_2173-400x267.jpg 400w, https:\/\/www.fazenda.niteroi.rj.gov.br\/site\/wp-content\/uploads\/2023\/08\/BEA_2173-768x512.jpg 768w, https:\/\/www.fazenda.niteroi.rj.gov.br\/site\/wp-content\/uploads\/2023\/08\/BEA_2173-1536x1024.jpg 1536w, https:\/\/www.fazenda.niteroi.rj.gov.br\/site\/wp-content\/uploads\/2023\/08\/BEA_2173-2048x1365.jpg 2048w, https:\/\/www.fazenda.niteroi.rj.gov.br\/site\/wp-content\/uploads\/2023\/08\/BEA_2173-1080x720.jpg 1080w\" sizes=\"auto, (max-width: 600px) 100vw, 600px\" \/><\/a><\/figure>\n\n\n\n<figure class=\"wp-block-image size-large\"><a href=\"https:\/\/www.fazenda.niteroi.rj.gov.br\/site\/wp-content\/uploads\/2023\/08\/BEA_2174-scaled.jpg\"><img loading=\"lazy\" decoding=\"async\" width=\"600\" height=\"400\" data-id=\"22666\" src=\"https:\/\/www.fazenda.niteroi.rj.gov.br\/site\/wp-content\/uploads\/2023\/08\/BEA_2174-600x400.jpg\" alt=\"\" class=\"wp-image-22666\" srcset=\"https:\/\/www.fazenda.niteroi.rj.gov.br\/site\/wp-content\/uploads\/2023\/08\/BEA_2174-600x400.jpg 600w, https:\/\/www.fazenda.niteroi.rj.gov.br\/site\/wp-content\/uploads\/2023\/08\/BEA_2174-400x267.jpg 400w, https:\/\/www.fazenda.niteroi.rj.gov.br\/site\/wp-content\/uploads\/2023\/08\/BEA_2174-768x512.jpg 768w, https:\/\/www.fazenda.niteroi.rj.gov.br\/site\/wp-content\/uploads\/2023\/08\/BEA_2174-1536x1024.jpg 1536w, https:\/\/www.fazenda.niteroi.rj.gov.br\/site\/wp-content\/uploads\/2023\/08\/BEA_2174-2048x1365.jpg 2048w, https:\/\/www.fazenda.niteroi.rj.gov.br\/site\/wp-content\/uploads\/2023\/08\/BEA_2174-1080x720.jpg 1080w\" sizes=\"auto, (max-width: 600px) 100vw, 600px\" \/><\/a><\/figure>\n\n\n\n<figure class=\"wp-block-image size-large\"><a href=\"https:\/\/www.fazenda.niteroi.rj.gov.br\/site\/wp-content\/uploads\/2023\/08\/BEA_2386-scaled.jpg\"><img loading=\"lazy\" decoding=\"async\" width=\"600\" height=\"400\" data-id=\"22667\" src=\"https:\/\/www.fazenda.niteroi.rj.gov.br\/site\/wp-content\/uploads\/2023\/08\/BEA_2386-600x400.jpg\" alt=\"\" class=\"wp-image-22667\" srcset=\"https:\/\/www.fazenda.niteroi.rj.gov.br\/site\/wp-content\/uploads\/2023\/08\/BEA_2386-600x400.jpg 600w, https:\/\/www.fazenda.niteroi.rj.gov.br\/site\/wp-content\/uploads\/2023\/08\/BEA_2386-400x267.jpg 400w, https:\/\/www.fazenda.niteroi.rj.gov.br\/site\/wp-content\/uploads\/2023\/08\/BEA_2386-768x512.jpg 768w, https:\/\/www.fazenda.niteroi.rj.gov.br\/site\/wp-content\/uploads\/2023\/08\/BEA_2386-1536x1024.jpg 1536w, https:\/\/www.fazenda.niteroi.rj.gov.br\/site\/wp-content\/uploads\/2023\/08\/BEA_2386-2048x1365.jpg 2048w, https:\/\/www.fazenda.niteroi.rj.gov.br\/site\/wp-content\/uploads\/2023\/08\/BEA_2386-1080x720.jpg 1080w\" sizes=\"auto, (max-width: 600px) 100vw, 600px\" \/><\/a><\/figure>\n\n\n\n<figure class=\"wp-block-image size-large\"><a href=\"https:\/\/www.fazenda.niteroi.rj.gov.br\/site\/wp-content\/uploads\/2023\/08\/foto-escola-cidada-1.jpeg\"><img loading=\"lazy\" decoding=\"async\" width=\"450\" height=\"600\" data-id=\"22670\" src=\"https:\/\/www.fazenda.niteroi.rj.gov.br\/site\/wp-content\/uploads\/2023\/08\/foto-escola-cidada-1-450x600.jpeg\" alt=\"\" class=\"wp-image-22670\" srcset=\"https:\/\/www.fazenda.niteroi.rj.gov.br\/site\/wp-content\/uploads\/2023\/08\/foto-escola-cidada-1-450x600.jpeg 450w, https:\/\/www.fazenda.niteroi.rj.gov.br\/site\/wp-content\/uploads\/2023\/08\/foto-escola-cidada-1-225x300.jpeg 225w, https:\/\/www.fazenda.niteroi.rj.gov.br\/site\/wp-content\/uploads\/2023\/08\/foto-escola-cidada-1-768x1024.jpeg 768w, https:\/\/www.fazenda.niteroi.rj.gov.br\/site\/wp-content\/uploads\/2023\/08\/foto-escola-cidada-1-1152x1536.jpeg 1152w, https:\/\/www.fazenda.niteroi.rj.gov.br\/site\/wp-content\/uploads\/2023\/08\/foto-escola-cidada-1-1080x1440.jpeg 1080w, https:\/\/www.fazenda.niteroi.rj.gov.br\/site\/wp-content\/uploads\/2023\/08\/foto-escola-cidada-1.jpeg 1200w\" sizes=\"auto, (max-width: 450px) 100vw, 450px\" \/><\/a><\/figure>\n\n\n\n<figure class=\"wp-block-image size-large\"><a href=\"https:\/\/www.fazenda.niteroi.rj.gov.br\/site\/wp-content\/uploads\/2023\/08\/foto-escola-cidada-2.jpeg\"><img loading=\"lazy\" decoding=\"async\" width=\"450\" height=\"600\" data-id=\"22669\" src=\"https:\/\/www.fazenda.niteroi.rj.gov.br\/site\/wp-content\/uploads\/2023\/08\/foto-escola-cidada-2-450x600.jpeg\" alt=\"\" class=\"wp-image-22669\" srcset=\"https:\/\/www.fazenda.niteroi.rj.gov.br\/site\/wp-content\/uploads\/2023\/08\/foto-escola-cidada-2-450x600.jpeg 450w, https:\/\/www.fazenda.niteroi.rj.gov.br\/site\/wp-content\/uploads\/2023\/08\/foto-escola-cidada-2-225x300.jpeg 225w, https:\/\/www.fazenda.niteroi.rj.gov.br\/site\/wp-content\/uploads\/2023\/08\/foto-escola-cidada-2-768x1024.jpeg 768w, https:\/\/www.fazenda.niteroi.rj.gov.br\/site\/wp-content\/uploads\/2023\/08\/foto-escola-cidada-2-1152x1536.jpeg 1152w, https:\/\/www.fazenda.niteroi.rj.gov.br\/site\/wp-content\/uploads\/2023\/08\/foto-escola-cidada-2-1080x1440.jpeg 1080w, https:\/\/www.fazenda.niteroi.rj.gov.br\/site\/wp-content\/uploads\/2023\/08\/foto-escola-cidada-2.jpeg 1200w\" sizes=\"auto, (max-width: 450px) 100vw, 450px\" \/><\/a><\/figure>\n\n\n\n<figure class=\"wp-block-image size-large\"><a href=\"https:\/\/www.fazenda.niteroi.rj.gov.br\/site\/wp-content\/uploads\/2023\/08\/foto-escola-cidada-3.jpeg\"><img loading=\"lazy\" decoding=\"async\" width=\"600\" height=\"400\" data-id=\"22671\" src=\"https:\/\/www.fazenda.niteroi.rj.gov.br\/site\/wp-content\/uploads\/2023\/08\/foto-escola-cidada-3-600x400.jpeg\" alt=\"\" class=\"wp-image-22671\" srcset=\"https:\/\/www.fazenda.niteroi.rj.gov.br\/site\/wp-content\/uploads\/2023\/08\/foto-escola-cidada-3-600x400.jpeg 600w, https:\/\/www.fazenda.niteroi.rj.gov.br\/site\/wp-content\/uploads\/2023\/08\/foto-escola-cidada-3-400x267.jpeg 400w, https:\/\/www.fazenda.niteroi.rj.gov.br\/site\/wp-content\/uploads\/2023\/08\/foto-escola-cidada-3-768x512.jpeg 768w, https:\/\/www.fazenda.niteroi.rj.gov.br\/site\/wp-content\/uploads\/2023\/08\/foto-escola-cidada-3-1536x1023.jpeg 1536w, https:\/\/www.fazenda.niteroi.rj.gov.br\/site\/wp-content\/uploads\/2023\/08\/foto-escola-cidada-3-1080x720.jpeg 1080w, https:\/\/www.fazenda.niteroi.rj.gov.br\/site\/wp-content\/uploads\/2023\/08\/foto-escola-cidada-3.jpeg 1600w\" sizes=\"auto, (max-width: 600px) 100vw, 600px\" \/><\/a><\/figure>\n<\/figure>\n\n\n\n<div style=\"height:89px\" aria-hidden=\"true\" class=\"wp-block-spacer\"><\/div>\n\n\n\n<h1 class=\"wp-block-heading\">Acesse a Playlist do Educa Fisco:<\/h1>\n\n\n\n<div style=\"height:25px\" aria-hidden=\"true\" class=\"wp-block-spacer\"><\/div>\n\n\n\n<figure class=\"wp-block-embed is-type-video is-provider-youtube wp-block-embed-youtube wp-embed-aspect-16-9 wp-has-aspect-ratio\"><div class=\"wp-block-embed__wrapper\">\n<iframe loading=\"lazy\" title=\"Quais as vantagens de ser MEI?\" width=\"1080\" height=\"608\" src=\"https:\/\/www.youtube.com\/embed\/zcvz9xQ70ZM?list=PL7N5FEyvDJQObzZJeS-PB2oJe9gFYNSjM\" frameborder=\"0\" allow=\"accelerometer; autoplay; clipboard-write; encrypted-media; gyroscope; picture-in-picture; web-share\" allowfullscreen><\/iframe>\n<\/div><\/figure>\n\n\n\n<div style=\"height:100px\" aria-hidden=\"true\" class=\"wp-block-spacer\"><\/div>\n\n\n\n<hr class=\"wp-block-separator has-text-color has-white-color has-css-opacity has-white-background-color has-background\"\/>\n\n\n\n<hr class=\"wp-block-separator has-text-color has-white-color has-css-opacity has-white-background-color has-background\"\/>\n","protected":false},"excerpt":{"rendered":"<p>O Educa Fisco \u00e9 um Programa de Educa\u00e7\u00e3o Fiscal da Secretaria Municipal de Fazenda de Niter\u00f3i e tem como objetivo\u00a0 disseminar o conhecimento da legisla\u00e7\u00e3o tribut\u00e1ria e das melhores e mais modernas pr\u00e1ticas de gest\u00e3o fiscal.<\/p>\n","protected":false},"author":18,"featured_media":19541,"parent":17641,"menu_order":2,"comment_status":"closed","ping_status":"closed","template":"","meta":{"_et_pb_use_builder":"off","_et_pb_old_content":"","_et_gb_content_width":"","_usar_header_alternativo":false,"footnotes":""},"class_list":["post-19533","page","type-page","status-publish","has-post-thumbnail","hentry"],"_links":{"self":[{"href":"https:\/\/www.fazenda.niteroi.rj.gov.br\/site\/wp-json\/wp\/v2\/pages\/19533","targetHints":{"allow":["GET"]}}],"collection":[{"href":"https:\/\/www.fazenda.niteroi.rj.gov.br\/site\/wp-json\/wp\/v2\/pages"}],"about":[{"href":"https:\/\/www.fazenda.niteroi.rj.gov.br\/site\/wp-json\/wp\/v2\/types\/page"}],"author":[{"embeddable":true,"href":"https:\/\/www.fazenda.niteroi.rj.gov.br\/site\/wp-json\/wp\/v2\/users\/18"}],"replies":[{"embeddable":true,"href":"https:\/\/www.fazenda.niteroi.rj.gov.br\/site\/wp-json\/wp\/v2\/comments?post=19533"}],"version-history":[{"count":5,"href":"https:\/\/www.fazenda.niteroi.rj.gov.br\/site\/wp-json\/wp\/v2\/pages\/19533\/revisions"}],"predecessor-version":[{"id":22762,"href":"https:\/\/www.fazenda.niteroi.rj.gov.br\/site\/wp-json\/wp\/v2\/pages\/19533\/revisions\/22762"}],"up":[{"embeddable":true,"href":"https:\/\/www.fazenda.niteroi.rj.gov.br\/site\/wp-json\/wp\/v2\/pages\/17641"}],"wp:featuredmedia":[{"embeddable":true,"href":"https:\/\/www.fazenda.niteroi.rj.gov.br\/site\/wp-json\/wp\/v2\/media\/19541"}],"wp:attachment":[{"href":"https:\/\/www.fazenda.niteroi.rj.gov.br\/site\/wp-json\/wp\/v2\/media?parent=19533"}],"curies":[{"name":"wp","href":"https:\/\/api.w.org\/{rel}","templated":true}]}}